{"id":6554,"date":"2018-04-24T15:11:04","date_gmt":"2018-04-24T14:11:04","guid":{"rendered":"http:\/\/resarquitectura.blogs.upv.es\/?page_id=6554"},"modified":"2019-10-03T14:31:14","modified_gmt":"2019-10-03T13:31:14","slug":"restauracion-de-la-cubierta-de-la-iglesia-parroquial-de-san-pedro","status":"publish","type":"page","link":"https:\/\/resarquitectura.blogs.upv.es\/?page_id=6554","title":{"rendered":"Restauraci\u00f3n de la cubierta de la iglesia parroquial de San Pedro"},"content":{"rendered":"<p><strong>A\u00f1o finalizaci\u00f3n obra:&nbsp;<\/strong>2006<\/p>\n<p><strong>A\u00f1o realizaci\u00f3n proyecto:<\/strong>&nbsp;2000<\/p>\n<p><strong>Ubicaci\u00f3n:<\/strong>&nbsp;Pobla de Benifass\u00e0 (Castell\u00f3n)<\/p>\n<p><strong>Promotor:<\/strong>&nbsp;Conseller\u00eda de Cultura, Educaci\u00f3n y Ciencia de la Comunidad Valenciana<\/p>\n<p><strong>Arquitectos:&nbsp;<\/strong>Fernando Vegas L\u00f3pez-Manzanares y Camilla Mileto<\/p>\n<p><strong>Aparejador:&nbsp;<\/strong>Raquel Gim\u00e9nez<\/p>\n<p><strong>Levantamiento topogr\u00e1fico:&nbsp;<\/strong>Rut Sos<\/p>\n<p><strong>Seguimiento de obra:&nbsp;<\/strong>Juan A. Garc\u00eda Esparza<\/p>\n<p><strong>Colaboradores:<\/strong> Victoria Fern\u00e1ndez, Dolores Guirao, \u00c1ngela L\u00f3pez, Jos\u00e9 Hidalgo, M. Jos\u00e9 Mi\u00f1arro, Miguel Ortiz<\/p>\n<p><a href=\"http:\/\/resarquitectura.blogs.upv.es\/?page_id=92\">Volver<\/a><\/p>\n<p><a href=\"http:\/\/resarquitectura.blogs.upv.es\/wp-content\/uploads\/2018\/05\/benifassa01.jpg\"><img loading=\"lazy\" decoding=\"async\" class=\"alignleft size-medium wp-image-6862\" src=\"http:\/\/resarquitectura.blogs.upv.es\/wp-content\/uploads\/2018\/05\/benifassa01-300x180.jpg\" alt=\"\" width=\"300\" height=\"180\" srcset=\"https:\/\/resarquitectura.blogs.upv.es\/wp-content\/uploads\/2018\/05\/benifassa01-300x180.jpg 300w, https:\/\/resarquitectura.blogs.upv.es\/wp-content\/uploads\/2018\/05\/benifassa01-768x461.jpg 768w, https:\/\/resarquitectura.blogs.upv.es\/wp-content\/uploads\/2018\/05\/benifassa01.jpg 885w\" sizes=\"auto, (max-width: 300px) 100vw, 300px\" \/><\/a> <a href=\"http:\/\/resarquitectura.blogs.upv.es\/wp-content\/uploads\/2018\/05\/benifassa02.jpg\"><img loading=\"lazy\" decoding=\"async\" class=\"alignleft size-medium wp-image-6866\" src=\"http:\/\/resarquitectura.blogs.upv.es\/wp-content\/uploads\/2018\/05\/benifassa02-300x180.jpg\" alt=\"\" width=\"300\" height=\"180\" srcset=\"https:\/\/resarquitectura.blogs.upv.es\/wp-content\/uploads\/2018\/05\/benifassa02-300x180.jpg 300w, https:\/\/resarquitectura.blogs.upv.es\/wp-content\/uploads\/2018\/05\/benifassa02-768x461.jpg 768w, https:\/\/resarquitectura.blogs.upv.es\/wp-content\/uploads\/2018\/05\/benifassa02.jpg 885w\" sizes=\"auto, (max-width: 300px) 100vw, 300px\" \/><\/a> <a href=\"http:\/\/resarquitectura.blogs.upv.es\/wp-content\/uploads\/2018\/05\/benifassa03.jpg\"><img loading=\"lazy\" decoding=\"async\" class=\"alignleft size-medium wp-image-6868\" src=\"http:\/\/resarquitectura.blogs.upv.es\/wp-content\/uploads\/2018\/05\/benifassa03-300x180.jpg\" alt=\"\" width=\"300\" height=\"180\" srcset=\"https:\/\/resarquitectura.blogs.upv.es\/wp-content\/uploads\/2018\/05\/benifassa03-300x180.jpg 300w, https:\/\/resarquitectura.blogs.upv.es\/wp-content\/uploads\/2018\/05\/benifassa03-768x461.jpg 768w, https:\/\/resarquitectura.blogs.upv.es\/wp-content\/uploads\/2018\/05\/benifassa03.jpg 885w\" sizes=\"auto, (max-width: 300px) 100vw, 300px\" \/><\/a> <a href=\"http:\/\/resarquitectura.blogs.upv.es\/wp-content\/uploads\/2018\/05\/benifassa04.jpg\"><img loading=\"lazy\" decoding=\"async\" class=\"alignleft size-medium wp-image-6870\" src=\"http:\/\/resarquitectura.blogs.upv.es\/wp-content\/uploads\/2018\/05\/benifassa04-300x180.jpg\" alt=\"\" width=\"300\" height=\"180\" srcset=\"https:\/\/resarquitectura.blogs.upv.es\/wp-content\/uploads\/2018\/05\/benifassa04-300x180.jpg 300w, https:\/\/resarquitectura.blogs.upv.es\/wp-content\/uploads\/2018\/05\/benifassa04-768x461.jpg 768w, https:\/\/resarquitectura.blogs.upv.es\/wp-content\/uploads\/2018\/05\/benifassa04.jpg 885w\" sizes=\"auto, (max-width: 300px) 100vw, 300px\" \/><\/a> <a href=\"http:\/\/resarquitectura.blogs.upv.es\/wp-content\/uploads\/2018\/05\/benifassa05.jpg\"><img loading=\"lazy\" decoding=\"async\" class=\"alignleft size-medium wp-image-6871\" src=\"http:\/\/resarquitectura.blogs.upv.es\/wp-content\/uploads\/2018\/05\/benifassa05-300x180.jpg\" alt=\"\" width=\"300\" height=\"180\" srcset=\"https:\/\/resarquitectura.blogs.upv.es\/wp-content\/uploads\/2018\/05\/benifassa05-300x180.jpg 300w, https:\/\/resarquitectura.blogs.upv.es\/wp-content\/uploads\/2018\/05\/benifassa05-768x461.jpg 768w, https:\/\/resarquitectura.blogs.upv.es\/wp-content\/uploads\/2018\/05\/benifassa05.jpg 885w\" sizes=\"auto, (max-width: 300px) 100vw, 300px\" \/><\/a> <a href=\"http:\/\/resarquitectura.blogs.upv.es\/wp-content\/uploads\/2018\/05\/benifassa07.jpg\"><img loading=\"lazy\" decoding=\"async\" class=\"alignleft size-medium wp-image-6872\" src=\"http:\/\/resarquitectura.blogs.upv.es\/wp-content\/uploads\/2018\/05\/benifassa07-300x180.jpg\" alt=\"\" width=\"300\" height=\"180\" srcset=\"https:\/\/resarquitectura.blogs.upv.es\/wp-content\/uploads\/2018\/05\/benifassa07-300x180.jpg 300w, https:\/\/resarquitectura.blogs.upv.es\/wp-content\/uploads\/2018\/05\/benifassa07-768x461.jpg 768w, https:\/\/resarquitectura.blogs.upv.es\/wp-content\/uploads\/2018\/05\/benifassa07.jpg 885w\" sizes=\"auto, (max-width: 300px) 100vw, 300px\" \/><\/a> <a href=\"http:\/\/resarquitectura.blogs.upv.es\/wp-content\/uploads\/2018\/05\/benifassa08.jpg\"><img loading=\"lazy\" decoding=\"async\" class=\"alignleft size-medium wp-image-6873\" src=\"http:\/\/resarquitectura.blogs.upv.es\/wp-content\/uploads\/2018\/05\/benifassa08-300x180.jpg\" alt=\"\" width=\"300\" height=\"180\" srcset=\"https:\/\/resarquitectura.blogs.upv.es\/wp-content\/uploads\/2018\/05\/benifassa08-300x180.jpg 300w, https:\/\/resarquitectura.blogs.upv.es\/wp-content\/uploads\/2018\/05\/benifassa08-768x461.jpg 768w, https:\/\/resarquitectura.blogs.upv.es\/wp-content\/uploads\/2018\/05\/benifassa08.jpg 885w\" sizes=\"auto, (max-width: 300px) 100vw, 300px\" \/><\/a> <a href=\"http:\/\/resarquitectura.blogs.upv.es\/wp-content\/uploads\/2018\/05\/benifassa09.jpg\"><img loading=\"lazy\" decoding=\"async\" class=\"alignleft size-medium wp-image-6875\" src=\"http:\/\/resarquitectura.blogs.upv.es\/wp-content\/uploads\/2018\/05\/benifassa09-300x180.jpg\" alt=\"\" width=\"300\" height=\"180\" srcset=\"https:\/\/resarquitectura.blogs.upv.es\/wp-content\/uploads\/2018\/05\/benifassa09-300x180.jpg 300w, https:\/\/resarquitectura.blogs.upv.es\/wp-content\/uploads\/2018\/05\/benifassa09-768x461.jpg 768w, https:\/\/resarquitectura.blogs.upv.es\/wp-content\/uploads\/2018\/05\/benifassa09.jpg 885w\" sizes=\"auto, (max-width: 300px) 100vw, 300px\" \/><\/a><\/p>","protected":false},"excerpt":{"rendered":"<p class=\"excerpt\">A\u00f1o finalizaci\u00f3n obra:&nbsp;2006 A\u00f1o realizaci\u00f3n proyecto:&nbsp;2000 Ubicaci\u00f3n:&nbsp;Pobla de Benifass\u00e0 (Castell\u00f3n) Promotor:&nbsp;Conseller\u00eda de Cultura, Educaci\u00f3n y Ciencia de la Comunidad Valenciana Arquitectos:&nbsp;Fernando Vegas L\u00f3pez-Manzanares y Camilla Mileto Aparejador:&nbsp;Raquel Gim\u00e9nez Levantamiento topogr\u00e1fico:&nbsp;Rut Sos Seguimiento de obra:&nbsp;Juan A. Garc\u00eda Esparza Colaboradores: Victoria Fern\u00e1ndez, Dolores Guirao, \u00c1ngela L\u00f3pez, Jos\u00e9 Hidalgo, M. Jos\u00e9 Mi\u00f1arro, Miguel Ortiz Volver<\/p>\n<p class=\"more-link-p\"><a class=\"btn btn-default\" href=\"https:\/\/resarquitectura.blogs.upv.es\/?page_id=6554\">Read more<\/a><\/p>\n","protected":false},"author":41051,"featured_media":0,"parent":0,"menu_order":0,"comment_status":"closed","ping_status":"closed","template":"","meta":{"ngg_post_thumbnail":0,"footnotes":""},"class_list":["post-6554","page","type-page","status-publish","hentry"],"aioseo_notices":[],"aioseo_head":"\n\t\t<!-- All in One SEO 5.0.1.1 - aioseo.com -->\n\t<meta name=\"description\" content=\"A\u00f1o finalizaci\u00f3n obra: 2006 A\u00f1o realizaci\u00f3n proyecto: 2000 Ubicaci\u00f3n: Pobla de Benifass\u00e0 (Castell\u00f3n) Promotor: Conseller\u00eda de Cultura, Educaci\u00f3n y Ciencia de la Comunidad Valenciana Arquitectos: Fernando Vegas L\u00f3pez-Manzanares y Camilla Mileto Aparejador: Raquel Gim\u00e9nez Levantamiento topogr\u00e1fico: Rut Sos Seguimiento de obra: Juan A. Garc\u00eda Esparza Colaboradores: Victoria Fern\u00e1ndez, Dolores Guirao, \u00c1ngela L\u00f3pez, Jos\u00e9 Hidalgo, M. Jos\u00e9 Mi\u00f1arro, Miguel Ortiz Volver\" \/>\n\t<meta name=\"robots\" content=\"max-image-preview:large\" \/>\n\t<link rel=\"canonical\" href=\"https:\/\/resarquitectura.blogs.upv.es\/?page_id=6554\" \/>\n\t<meta name=\"generator\" content=\"All in One SEO (AIOSEO) 5.0.1.1\" \/>\n\t\t<meta property=\"og:locale\" content=\"es_ES\" \/>\n\t\t<meta property=\"og:site_name\" content=\"RES-Arquitectura | Investigaci\u00f3n, Restauraci\u00f3n y Difusi\u00f3n del Patrimonio Arquitect\u00f3nico | Directores: Camilla Mileto &amp; Fernando Vegas\" \/>\n\t\t<meta property=\"og:type\" content=\"activity\" \/>\n\t\t<meta property=\"og:title\" content=\"Restauraci\u00f3n de la cubierta de la iglesia parroquial de San Pedro | RES-Arquitectura\" \/>\n\t\t<meta property=\"og:description\" content=\"A\u00f1o finalizaci\u00f3n obra: 2006 A\u00f1o realizaci\u00f3n proyecto: 2000 Ubicaci\u00f3n: Pobla de Benifass\u00e0 (Castell\u00f3n) Promotor: Conseller\u00eda de Cultura, Educaci\u00f3n y Ciencia de la Comunidad Valenciana Arquitectos: Fernando Vegas L\u00f3pez-Manzanares y Camilla Mileto Aparejador: Raquel Gim\u00e9nez Levantamiento topogr\u00e1fico: Rut Sos Seguimiento de obra: Juan A. Garc\u00eda Esparza Colaboradores: Victoria Fern\u00e1ndez, Dolores Guirao, \u00c1ngela L\u00f3pez, Jos\u00e9 Hidalgo, M. Jos\u00e9 Mi\u00f1arro, Miguel Ortiz Volver\" \/>\n\t\t<meta property=\"og:url\" content=\"https:\/\/resarquitectura.blogs.upv.es\/?page_id=6554\" \/>\n\t\t<meta name=\"twitter:card\" content=\"summary\" \/>\n\t\t<meta name=\"twitter:title\" content=\"Restauraci\u00f3n de la cubierta de la iglesia parroquial de San Pedro | RES-Arquitectura\" \/>\n\t\t<meta name=\"twitter:description\" content=\"A\u00f1o finalizaci\u00f3n obra: 2006 A\u00f1o realizaci\u00f3n proyecto: 2000 Ubicaci\u00f3n: Pobla de Benifass\u00e0 (Castell\u00f3n) Promotor: Conseller\u00eda de Cultura, Educaci\u00f3n y Ciencia de la Comunidad Valenciana Arquitectos: Fernando Vegas L\u00f3pez-Manzanares y Camilla Mileto Aparejador: Raquel Gim\u00e9nez Levantamiento topogr\u00e1fico: Rut Sos Seguimiento de obra: Juan A. Garc\u00eda Esparza Colaboradores: Victoria Fern\u00e1ndez, Dolores Guirao, \u00c1ngela L\u00f3pez, Jos\u00e9 Hidalgo, M. Jos\u00e9 Mi\u00f1arro, Miguel Ortiz Volver\" \/>\n\t\t<script type=\"application\/ld+json\" class=\"aioseo-schema\">\n\t\t\t{\"@context\":\"https:\\\/\\\/schema.org\",\"@graph\":[{\"@type\":\"BreadcrumbList\",\"@id\":\"https:\\\/\\\/resarquitectura.blogs.upv.es\\\/?page_id=6554#breadcrumblist\",\"itemListElement\":[{\"@type\":\"ListItem\",\"@id\":\"https:\\\/\\\/resarquitectura.blogs.upv.es#listItem\",\"position\":1,\"name\":\"Home\",\"item\":\"https:\\\/\\\/resarquitectura.blogs.upv.es\",\"nextItem\":{\"@type\":\"ListItem\",\"@id\":\"https:\\\/\\\/resarquitectura.blogs.upv.es\\\/?page_id=6554#listItem\",\"name\":\"Restauraci\\u00f3n de la cubierta de la iglesia parroquial de San Pedro\"}},{\"@type\":\"ListItem\",\"@id\":\"https:\\\/\\\/resarquitectura.blogs.upv.es\\\/?page_id=6554#listItem\",\"position\":2,\"name\":\"Restauraci\\u00f3n de la cubierta de la iglesia parroquial de San Pedro\",\"previousItem\":{\"@type\":\"ListItem\",\"@id\":\"https:\\\/\\\/resarquitectura.blogs.upv.es#listItem\",\"name\":\"Home\"}}]},{\"@type\":\"Organization\",\"@id\":\"https:\\\/\\\/resarquitectura.blogs.upv.es\\\/#organization\",\"name\":\"RES-Arquitectura\",\"description\":\"Investigaci\\u00f3n, Restauraci\\u00f3n y Difusi\\u00f3n del Patrimonio Arquitect\\u00f3nico | Directores: Camilla Mileto & Fernando Vegas\",\"url\":\"https:\\\/\\\/resarquitectura.blogs.upv.es\\\/\"},{\"@type\":\"WebPage\",\"@id\":\"https:\\\/\\\/resarquitectura.blogs.upv.es\\\/?page_id=6554#webpage\",\"url\":\"https:\\\/\\\/resarquitectura.blogs.upv.es\\\/?page_id=6554\",\"name\":\"Restauraci\\u00f3n de la cubierta de la iglesia parroquial de San Pedro | RES-Arquitectura\",\"description\":\"A\\u00f1o finalizaci\\u00f3n obra: 2006 A\\u00f1o realizaci\\u00f3n proyecto: 2000 Ubicaci\\u00f3n: Pobla de Benifass\\u00e0 (Castell\\u00f3n) Promotor: Conseller\\u00eda de Cultura, Educaci\\u00f3n y Ciencia de la Comunidad Valenciana Arquitectos: Fernando Vegas L\\u00f3pez-Manzanares y Camilla Mileto Aparejador: Raquel Gim\\u00e9nez Levantamiento topogr\\u00e1fico: Rut Sos Seguimiento de obra: Juan A. Garc\\u00eda Esparza Colaboradores: Victoria Fern\\u00e1ndez, Dolores Guirao, \\u00c1ngela L\\u00f3pez, Jos\\u00e9 Hidalgo, M. Jos\\u00e9 Mi\\u00f1arro, Miguel Ortiz Volver\",\"inLanguage\":\"es-ES\",\"isPartOf\":{\"@id\":\"https:\\\/\\\/resarquitectura.blogs.upv.es\\\/#website\"},\"breadcrumb\":{\"@id\":\"https:\\\/\\\/resarquitectura.blogs.upv.es\\\/?page_id=6554#breadcrumblist\"},\"datePublished\":\"2018-04-24T15:11:04+01:00\",\"dateModified\":\"2019-10-03T14:31:14+01:00\"},{\"@type\":\"WebSite\",\"@id\":\"https:\\\/\\\/resarquitectura.blogs.upv.es\\\/#website\",\"url\":\"https:\\\/\\\/resarquitectura.blogs.upv.es\\\/\",\"name\":\"RES-Arquitectura\",\"description\":\"Investigaci\\u00f3n, Restauraci\\u00f3n y Difusi\\u00f3n del Patrimonio Arquitect\\u00f3nico | Directores: Camilla Mileto & Fernando Vegas\",\"inLanguage\":\"es-ES\",\"publisher\":{\"@id\":\"https:\\\/\\\/resarquitectura.blogs.upv.es\\\/#organization\"}}]}\n\t\t<\/script>\n\t\t<!-- All in One SEO -->\n\n","aioseo_head_json":{"title":"Restauraci\u00f3n de la cubierta de la iglesia parroquial de San Pedro | RES-Arquitectura","description":"A\u00f1o finalizaci\u00f3n obra: 2006 A\u00f1o realizaci\u00f3n proyecto: 2000 Ubicaci\u00f3n: Pobla de Benifass\u00e0 (Castell\u00f3n) Promotor: Conseller\u00eda de Cultura, Educaci\u00f3n y Ciencia de la Comunidad Valenciana Arquitectos: Fernando Vegas L\u00f3pez-Manzanares y Camilla Mileto Aparejador: Raquel Gim\u00e9nez Levantamiento topogr\u00e1fico: Rut Sos Seguimiento de obra: Juan A. Garc\u00eda Esparza Colaboradores: Victoria Fern\u00e1ndez, Dolores Guirao, \u00c1ngela L\u00f3pez, Jos\u00e9 Hidalgo, M. Jos\u00e9 Mi\u00f1arro, Miguel Ortiz Volver","canonical_url":"https:\/\/resarquitectura.blogs.upv.es\/?page_id=6554","robots":"max-image-preview:large","keywords":"","webmasterTools":{"miscellaneous":""},"schema":{"@context":"https:\/\/schema.org","@graph":[{"@type":"BreadcrumbList","@id":"https:\/\/resarquitectura.blogs.upv.es\/?page_id=6554#breadcrumblist","itemListElement":[{"@type":"ListItem","@id":"https:\/\/resarquitectura.blogs.upv.es#listItem","position":1,"name":"Home","item":"https:\/\/resarquitectura.blogs.upv.es","nextItem":{"@type":"ListItem","@id":"https:\/\/resarquitectura.blogs.upv.es\/?page_id=6554#listItem","name":"Restauraci\u00f3n de la cubierta de la iglesia parroquial de San Pedro"}},{"@type":"ListItem","@id":"https:\/\/resarquitectura.blogs.upv.es\/?page_id=6554#listItem","position":2,"name":"Restauraci\u00f3n de la cubierta de la iglesia parroquial de San Pedro","previousItem":{"@type":"ListItem","@id":"https:\/\/resarquitectura.blogs.upv.es#listItem","name":"Home"}}]},{"@type":"Organization","@id":"https:\/\/resarquitectura.blogs.upv.es\/#organization","name":"RES-Arquitectura","description":"Investigaci\u00f3n, Restauraci\u00f3n y Difusi\u00f3n del Patrimonio Arquitect\u00f3nico | Directores: Camilla Mileto & Fernando Vegas","url":"https:\/\/resarquitectura.blogs.upv.es\/"},{"@type":"WebPage","@id":"https:\/\/resarquitectura.blogs.upv.es\/?page_id=6554#webpage","url":"https:\/\/resarquitectura.blogs.upv.es\/?page_id=6554","name":"Restauraci\u00f3n de la cubierta de la iglesia parroquial de San Pedro | RES-Arquitectura","description":"A\u00f1o finalizaci\u00f3n obra: 2006 A\u00f1o realizaci\u00f3n proyecto: 2000 Ubicaci\u00f3n: Pobla de Benifass\u00e0 (Castell\u00f3n) Promotor: Conseller\u00eda de Cultura, Educaci\u00f3n y Ciencia de la Comunidad Valenciana Arquitectos: Fernando Vegas L\u00f3pez-Manzanares y Camilla Mileto Aparejador: Raquel Gim\u00e9nez Levantamiento topogr\u00e1fico: Rut Sos Seguimiento de obra: Juan A. Garc\u00eda Esparza Colaboradores: Victoria Fern\u00e1ndez, Dolores Guirao, \u00c1ngela L\u00f3pez, Jos\u00e9 Hidalgo, M. Jos\u00e9 Mi\u00f1arro, Miguel Ortiz Volver","inLanguage":"es-ES","isPartOf":{"@id":"https:\/\/resarquitectura.blogs.upv.es\/#website"},"breadcrumb":{"@id":"https:\/\/resarquitectura.blogs.upv.es\/?page_id=6554#breadcrumblist"},"datePublished":"2018-04-24T15:11:04+01:00","dateModified":"2019-10-03T14:31:14+01:00"},{"@type":"WebSite","@id":"https:\/\/resarquitectura.blogs.upv.es\/#website","url":"https:\/\/resarquitectura.blogs.upv.es\/","name":"RES-Arquitectura","description":"Investigaci\u00f3n, Restauraci\u00f3n y Difusi\u00f3n del Patrimonio Arquitect\u00f3nico | Directores: Camilla Mileto & Fernando Vegas","inLanguage":"es-ES","publisher":{"@id":"https:\/\/resarquitectura.blogs.upv.es\/#organization"}}]},"og:locale":"es_ES","og:site_name":"RES-Arquitectura | Investigaci\u00f3n, Restauraci\u00f3n y Difusi\u00f3n del Patrimonio Arquitect\u00f3nico | Directores: Camilla Mileto &amp; Fernando Vegas","og:type":"activity","og:title":"Restauraci\u00f3n de la cubierta de la iglesia parroquial de San Pedro | RES-Arquitectura","og:description":"A\u00f1o finalizaci\u00f3n obra: 2006 A\u00f1o realizaci\u00f3n proyecto: 2000 Ubicaci\u00f3n: Pobla de Benifass\u00e0 (Castell\u00f3n) Promotor: Conseller\u00eda de Cultura, Educaci\u00f3n y Ciencia de la Comunidad Valenciana Arquitectos: Fernando Vegas L\u00f3pez-Manzanares y Camilla Mileto Aparejador: Raquel Gim\u00e9nez Levantamiento topogr\u00e1fico: Rut Sos Seguimiento de obra: Juan A. Garc\u00eda Esparza Colaboradores: Victoria Fern\u00e1ndez, Dolores Guirao, \u00c1ngela L\u00f3pez, Jos\u00e9 Hidalgo, M. Jos\u00e9 Mi\u00f1arro, Miguel Ortiz Volver","og:url":"https:\/\/resarquitectura.blogs.upv.es\/?page_id=6554","twitter:card":"summary","twitter:title":"Restauraci\u00f3n de la cubierta de la iglesia parroquial de San Pedro | RES-Arquitectura","twitter:description":"A\u00f1o finalizaci\u00f3n obra: 2006 A\u00f1o realizaci\u00f3n proyecto: 2000 Ubicaci\u00f3n: Pobla de Benifass\u00e0 (Castell\u00f3n) Promotor: Conseller\u00eda de Cultura, Educaci\u00f3n y Ciencia de la Comunidad Valenciana Arquitectos: Fernando Vegas L\u00f3pez-Manzanares y Camilla Mileto Aparejador: Raquel Gim\u00e9nez Levantamiento topogr\u00e1fico: Rut Sos Seguimiento de obra: Juan A. Garc\u00eda Esparza Colaboradores: Victoria Fern\u00e1ndez, Dolores Guirao, \u00c1ngela L\u00f3pez, Jos\u00e9 Hidalgo, M. Jos\u00e9 Mi\u00f1arro, Miguel Ortiz Volver"},"aioseo_meta_data":{"post_id":"6554","title":null,"description":null,"keywords":null,"keyphrases":null,"primary_term":null,"canonical_url":null,"og_title":"","og_description":"","og_object_type":"activity","og_image_type":"default","og_image_url":null,"og_image_width":null,"og_image_height":null,"og_image_custom_url":null,"og_image_custom_fields":null,"og_video":"","og_custom_url":null,"og_article_section":"","og_article_tags":"","twitter_use_og":false,"twitter_card":"summary","twitter_image_type":"default","twitter_image_url":null,"twitter_image_custom_url":null,"twitter_image_custom_fields":null,"twitter_title":null,"twitter_description":null,"schema":{"blockGraphs":[],"customGraphs":[],"default":{"data":{"Article":[],"Course":[],"Dataset":[],"FAQPage":[],"Movie":[],"Person":[],"Product":[],"ProductReview":[],"Car":[],"Recipe":[],"Service":[],"SoftwareApplication":[],"WebPage":[]},"graphName":"","isEnabled":true},"graphs":[]},"schema_type":null,"schema_type_options":null,"pillar_content":false,"robots_default":true,"robots_noindex":false,"robots_noarchive":false,"robots_nosnippet":false,"robots_nofollow":false,"robots_noimageindex":false,"robots_noodp":false,"robots_notranslate":false,"robots_max_snippet":null,"robots_max_videopreview":null,"robots_max_imagepreview":"large","priority":null,"frequency":null,"local_seo":null,"breadcrumb_settings":null,"limit_modified_date":false,"ai":null,"created":"2020-12-21 02:19:01","updated":"2022-09-18 15:18:06","seo_analyzer_scan_date":null,"focus_keyword":null,"additional_keywords":null,"truseo_locale":null},"aioseo_breadcrumb":"<div class=\"aioseo-breadcrumbs\"><span class=\"aioseo-breadcrumb\">\n\t\t\t<a href=\"https:\/\/resarquitectura.blogs.upv.es\" title=\"Home\">Home<\/a>\n\t\t<\/span><span class=\"aioseo-breadcrumb-separator\">&raquo;<\/span><span class=\"aioseo-breadcrumb\">\n\t\t\tRestauraci\u00f3n de la cubierta de la iglesia parroquial de San Pedro\n\t\t<\/span><\/div>","aioseo_breadcrumb_json":[{"label":"Home","link":"https:\/\/resarquitectura.blogs.upv.es"},{"label":"Restauraci\u00f3n de la cubierta de la iglesia parroquial de San Pedro","link":"https:\/\/resarquitectura.blogs.upv.es\/?page_id=6554"}],"_links":{"self":[{"href":"https:\/\/resarquitectura.blogs.upv.es\/index.php?rest_route=\/wp\/v2\/pages\/6554","targetHints":{"allow":["GET"]}}],"collection":[{"href":"https:\/\/resarquitectura.blogs.upv.es\/index.php?rest_route=\/wp\/v2\/pages"}],"about":[{"href":"https:\/\/resarquitectura.blogs.upv.es\/index.php?rest_route=\/wp\/v2\/types\/page"}],"author":[{"embeddable":true,"href":"https:\/\/resarquitectura.blogs.upv.es\/index.php?rest_route=\/wp\/v2\/users\/41051"}],"replies":[{"embeddable":true,"href":"https:\/\/resarquitectura.blogs.upv.es\/index.php?rest_route=%2Fwp%2Fv2%2Fcomments&post=6554"}],"version-history":[{"count":2,"href":"https:\/\/resarquitectura.blogs.upv.es\/index.php?rest_route=\/wp\/v2\/pages\/6554\/revisions"}],"predecessor-version":[{"id":13949,"href":"https:\/\/resarquitectura.blogs.upv.es\/index.php?rest_route=\/wp\/v2\/pages\/6554\/revisions\/13949"}],"wp:attachment":[{"href":"https:\/\/resarquitectura.blogs.upv.es\/index.php?rest_route=%2Fwp%2Fv2%2Fmedia&parent=6554"}],"curies":[{"name":"wp","href":"https:\/\/api.w.org\/{rel}","templated":true}]}}