{"id":6580,"date":"2018-04-24T15:57:24","date_gmt":"2018-04-24T14:57:24","guid":{"rendered":"http:\/\/resarquitectura.blogs.upv.es\/?page_id=6580"},"modified":"2020-07-16T12:23:53","modified_gmt":"2020-07-16T11:23:53","slug":"restauracion-del-centro-social-de-torrealta","status":"publish","type":"page","link":"https:\/\/resarquitectura.blogs.upv.es\/?page_id=6580","title":{"rendered":"Restauraci\u00f3n del centro social de Torrealta"},"content":{"rendered":"<p><strong>A\u00f1o:<\/strong>&nbsp;2005<\/p>\n<p><strong>Ubicaci\u00f3n:<\/strong>&nbsp;Torrealta<\/p>\n<p><strong>Promotor:<\/strong>&nbsp;Ayuntamiento de Torrebaja<\/p>\n<p><strong>Arquitectos:&nbsp;<\/strong>Fernando Vegas L\u00f3pez-Manzanares y Camilla Mileto<\/p>\n<p><strong>Colaboradeores:<\/strong>&nbsp;Patricia Cruzans, Christiane Henze, Doreen Rades, Pasquale De Dato, Vicente Pa\u00f1ego<\/p>\n<p><a href=\"http:\/\/resarquitectura.blogs.upv.es\/?page_id=92\">Volver<\/a><\/p>\n<p><a href=\"http:\/\/resarquitectura.blogs.upv.es\/wp-content\/uploads\/2018\/05\/centro-social-torrealta01.jpg\"><img loading=\"lazy\" decoding=\"async\" class=\"alignleft size-medium wp-image-6979\" src=\"http:\/\/resarquitectura.blogs.upv.es\/wp-content\/uploads\/2018\/05\/centro-social-torrealta01-300x180.jpg\" alt=\"\" width=\"300\" height=\"180\" srcset=\"https:\/\/resarquitectura.blogs.upv.es\/wp-content\/uploads\/2018\/05\/centro-social-torrealta01-300x180.jpg 300w, https:\/\/resarquitectura.blogs.upv.es\/wp-content\/uploads\/2018\/05\/centro-social-torrealta01-768x460.jpg 768w, https:\/\/resarquitectura.blogs.upv.es\/wp-content\/uploads\/2018\/05\/centro-social-torrealta01.jpg 886w\" sizes=\"auto, (max-width: 300px) 100vw, 300px\" \/><\/a><a href=\"http:\/\/resarquitectura.blogs.upv.es\/wp-content\/uploads\/2018\/05\/centro-social-torrealta05.jpg\"><img loading=\"lazy\" decoding=\"async\" class=\"alignleft size-medium wp-image-6987\" src=\"http:\/\/resarquitectura.blogs.upv.es\/wp-content\/uploads\/2018\/05\/centro-social-torrealta05-300x180.jpg\" alt=\"\" width=\"300\" height=\"180\" srcset=\"https:\/\/resarquitectura.blogs.upv.es\/wp-content\/uploads\/2018\/05\/centro-social-torrealta05-300x180.jpg 300w, https:\/\/resarquitectura.blogs.upv.es\/wp-content\/uploads\/2018\/05\/centro-social-torrealta05-768x460.jpg 768w, https:\/\/resarquitectura.blogs.upv.es\/wp-content\/uploads\/2018\/05\/centro-social-torrealta05.jpg 886w\" sizes=\"auto, (max-width: 300px) 100vw, 300px\" \/><\/a><a href=\"http:\/\/resarquitectura.blogs.upv.es\/wp-content\/uploads\/2018\/05\/centro-social-torrealta03.jpg\"><img loading=\"lazy\" decoding=\"async\" class=\"alignleft size-medium wp-image-6983\" src=\"http:\/\/resarquitectura.blogs.upv.es\/wp-content\/uploads\/2018\/05\/centro-social-torrealta03-300x180.jpg\" alt=\"\" width=\"300\" height=\"180\" srcset=\"https:\/\/resarquitectura.blogs.upv.es\/wp-content\/uploads\/2018\/05\/centro-social-torrealta03-300x180.jpg 300w, https:\/\/resarquitectura.blogs.upv.es\/wp-content\/uploads\/2018\/05\/centro-social-torrealta03-768x460.jpg 768w, https:\/\/resarquitectura.blogs.upv.es\/wp-content\/uploads\/2018\/05\/centro-social-torrealta03.jpg 886w\" sizes=\"auto, (max-width: 300px) 100vw, 300px\" \/><\/a> <a href=\"http:\/\/resarquitectura.blogs.upv.es\/wp-content\/uploads\/2018\/05\/centro-social-torrealta04.jpg\"><img loading=\"lazy\" decoding=\"async\" class=\"alignleft size-medium wp-image-6985\" src=\"http:\/\/resarquitectura.blogs.upv.es\/wp-content\/uploads\/2018\/05\/centro-social-torrealta04-300x180.jpg\" alt=\"\" width=\"300\" height=\"180\" srcset=\"https:\/\/resarquitectura.blogs.upv.es\/wp-content\/uploads\/2018\/05\/centro-social-torrealta04-300x180.jpg 300w, https:\/\/resarquitectura.blogs.upv.es\/wp-content\/uploads\/2018\/05\/centro-social-torrealta04-768x460.jpg 768w, https:\/\/resarquitectura.blogs.upv.es\/wp-content\/uploads\/2018\/05\/centro-social-torrealta04.jpg 886w\" sizes=\"auto, (max-width: 300px) 100vw, 300px\" \/><\/a><\/p>\n<p>&nbsp;<\/p>","protected":false},"excerpt":{"rendered":"<p class=\"excerpt\">A\u00f1o:&nbsp;2005 Ubicaci\u00f3n:&nbsp;Torrealta Promotor:&nbsp;Ayuntamiento de Torrebaja Arquitectos:&nbsp;Fernando Vegas L\u00f3pez-Manzanares y Camilla Mileto Colaboradeores:&nbsp;Patricia Cruzans, Christiane Henze, Doreen Rades, Pasquale De Dato, Vicente Pa\u00f1ego Volver &nbsp;<\/p>\n<p class=\"more-link-p\"><a class=\"btn btn-default\" href=\"https:\/\/resarquitectura.blogs.upv.es\/?page_id=6580\">Read more<\/a><\/p>\n","protected":false},"author":41051,"featured_media":0,"parent":0,"menu_order":0,"comment_status":"closed","ping_status":"closed","template":"","meta":{"ngg_post_thumbnail":0,"footnotes":""},"class_list":["post-6580","page","type-page","status-publish","hentry"],"aioseo_notices":[],"aioseo_head":"\n\t\t<!-- All in One SEO 5.0.1.1 - aioseo.com -->\n\t<meta name=\"description\" content=\"A\u00f1o: 2005 Ubicaci\u00f3n: Torrealta Promotor: Ayuntamiento de Torrebaja Arquitectos: Fernando Vegas L\u00f3pez-Manzanares y Camilla Mileto Colaboradeores: Patricia Cruzans, Christiane Henze, Doreen Rades, Pasquale De Dato, Vicente Pa\u00f1ego Volver\" \/>\n\t<meta name=\"robots\" content=\"max-image-preview:large\" \/>\n\t<link rel=\"canonical\" href=\"https:\/\/resarquitectura.blogs.upv.es\/?page_id=6580\" \/>\n\t<meta name=\"generator\" content=\"All in One SEO (AIOSEO) 5.0.1.1\" \/>\n\t\t<meta property=\"og:locale\" content=\"es_ES\" \/>\n\t\t<meta property=\"og:site_name\" content=\"RES-Arquitectura | Investigaci\u00f3n, Restauraci\u00f3n y Difusi\u00f3n del Patrimonio Arquitect\u00f3nico | Directores: Camilla Mileto &amp; Fernando Vegas\" \/>\n\t\t<meta property=\"og:type\" content=\"activity\" \/>\n\t\t<meta property=\"og:title\" content=\"Restauraci\u00f3n del centro social de Torrealta | RES-Arquitectura\" \/>\n\t\t<meta property=\"og:description\" content=\"A\u00f1o: 2005 Ubicaci\u00f3n: Torrealta Promotor: Ayuntamiento de Torrebaja Arquitectos: Fernando Vegas L\u00f3pez-Manzanares y Camilla Mileto Colaboradeores: Patricia Cruzans, Christiane Henze, Doreen Rades, Pasquale De Dato, Vicente Pa\u00f1ego Volver\" \/>\n\t\t<meta property=\"og:url\" content=\"https:\/\/resarquitectura.blogs.upv.es\/?page_id=6580\" \/>\n\t\t<meta name=\"twitter:card\" content=\"summary\" \/>\n\t\t<meta name=\"twitter:title\" content=\"Restauraci\u00f3n del centro social de Torrealta | RES-Arquitectura\" \/>\n\t\t<meta name=\"twitter:description\" content=\"A\u00f1o: 2005 Ubicaci\u00f3n: Torrealta Promotor: Ayuntamiento de Torrebaja Arquitectos: Fernando Vegas L\u00f3pez-Manzanares y Camilla Mileto Colaboradeores: Patricia Cruzans, Christiane Henze, Doreen Rades, Pasquale De Dato, Vicente Pa\u00f1ego Volver\" \/>\n\t\t<script type=\"application\/ld+json\" class=\"aioseo-schema\">\n\t\t\t{\"@context\":\"https:\\\/\\\/schema.org\",\"@graph\":[{\"@type\":\"BreadcrumbList\",\"@id\":\"https:\\\/\\\/resarquitectura.blogs.upv.es\\\/?page_id=6580#breadcrumblist\",\"itemListElement\":[{\"@type\":\"ListItem\",\"@id\":\"https:\\\/\\\/resarquitectura.blogs.upv.es#listItem\",\"position\":1,\"name\":\"Home\",\"item\":\"https:\\\/\\\/resarquitectura.blogs.upv.es\",\"nextItem\":{\"@type\":\"ListItem\",\"@id\":\"https:\\\/\\\/resarquitectura.blogs.upv.es\\\/?page_id=6580#listItem\",\"name\":\"Restauraci\\u00f3n del centro social de Torrealta\"}},{\"@type\":\"ListItem\",\"@id\":\"https:\\\/\\\/resarquitectura.blogs.upv.es\\\/?page_id=6580#listItem\",\"position\":2,\"name\":\"Restauraci\\u00f3n del centro social de Torrealta\",\"previousItem\":{\"@type\":\"ListItem\",\"@id\":\"https:\\\/\\\/resarquitectura.blogs.upv.es#listItem\",\"name\":\"Home\"}}]},{\"@type\":\"Organization\",\"@id\":\"https:\\\/\\\/resarquitectura.blogs.upv.es\\\/#organization\",\"name\":\"RES-Arquitectura\",\"description\":\"Investigaci\\u00f3n, Restauraci\\u00f3n y Difusi\\u00f3n del Patrimonio Arquitect\\u00f3nico | Directores: Camilla Mileto & Fernando Vegas\",\"url\":\"https:\\\/\\\/resarquitectura.blogs.upv.es\\\/\"},{\"@type\":\"WebPage\",\"@id\":\"https:\\\/\\\/resarquitectura.blogs.upv.es\\\/?page_id=6580#webpage\",\"url\":\"https:\\\/\\\/resarquitectura.blogs.upv.es\\\/?page_id=6580\",\"name\":\"Restauraci\\u00f3n del centro social de Torrealta | RES-Arquitectura\",\"description\":\"A\\u00f1o: 2005 Ubicaci\\u00f3n: Torrealta Promotor: Ayuntamiento de Torrebaja Arquitectos: Fernando Vegas L\\u00f3pez-Manzanares y Camilla Mileto Colaboradeores: Patricia Cruzans, Christiane Henze, Doreen Rades, Pasquale De Dato, Vicente Pa\\u00f1ego Volver\",\"inLanguage\":\"es-ES\",\"isPartOf\":{\"@id\":\"https:\\\/\\\/resarquitectura.blogs.upv.es\\\/#website\"},\"breadcrumb\":{\"@id\":\"https:\\\/\\\/resarquitectura.blogs.upv.es\\\/?page_id=6580#breadcrumblist\"},\"datePublished\":\"2018-04-24T15:57:24+01:00\",\"dateModified\":\"2020-07-16T12:23:53+01:00\"},{\"@type\":\"WebSite\",\"@id\":\"https:\\\/\\\/resarquitectura.blogs.upv.es\\\/#website\",\"url\":\"https:\\\/\\\/resarquitectura.blogs.upv.es\\\/\",\"name\":\"RES-Arquitectura\",\"description\":\"Investigaci\\u00f3n, Restauraci\\u00f3n y Difusi\\u00f3n del Patrimonio Arquitect\\u00f3nico | Directores: Camilla Mileto & Fernando Vegas\",\"inLanguage\":\"es-ES\",\"publisher\":{\"@id\":\"https:\\\/\\\/resarquitectura.blogs.upv.es\\\/#organization\"}}]}\n\t\t<\/script>\n\t\t<!-- All in One SEO -->\n\n","aioseo_head_json":{"title":"Restauraci\u00f3n del centro social de Torrealta | RES-Arquitectura","description":"A\u00f1o: 2005 Ubicaci\u00f3n: Torrealta Promotor: Ayuntamiento de Torrebaja Arquitectos: Fernando Vegas L\u00f3pez-Manzanares y Camilla Mileto Colaboradeores: Patricia Cruzans, Christiane Henze, Doreen Rades, Pasquale De Dato, Vicente Pa\u00f1ego Volver","canonical_url":"https:\/\/resarquitectura.blogs.upv.es\/?page_id=6580","robots":"max-image-preview:large","keywords":"","webmasterTools":{"miscellaneous":""},"schema":{"@context":"https:\/\/schema.org","@graph":[{"@type":"BreadcrumbList","@id":"https:\/\/resarquitectura.blogs.upv.es\/?page_id=6580#breadcrumblist","itemListElement":[{"@type":"ListItem","@id":"https:\/\/resarquitectura.blogs.upv.es#listItem","position":1,"name":"Home","item":"https:\/\/resarquitectura.blogs.upv.es","nextItem":{"@type":"ListItem","@id":"https:\/\/resarquitectura.blogs.upv.es\/?page_id=6580#listItem","name":"Restauraci\u00f3n del centro social de Torrealta"}},{"@type":"ListItem","@id":"https:\/\/resarquitectura.blogs.upv.es\/?page_id=6580#listItem","position":2,"name":"Restauraci\u00f3n del centro social de Torrealta","previousItem":{"@type":"ListItem","@id":"https:\/\/resarquitectura.blogs.upv.es#listItem","name":"Home"}}]},{"@type":"Organization","@id":"https:\/\/resarquitectura.blogs.upv.es\/#organization","name":"RES-Arquitectura","description":"Investigaci\u00f3n, Restauraci\u00f3n y Difusi\u00f3n del Patrimonio Arquitect\u00f3nico | Directores: Camilla Mileto & Fernando Vegas","url":"https:\/\/resarquitectura.blogs.upv.es\/"},{"@type":"WebPage","@id":"https:\/\/resarquitectura.blogs.upv.es\/?page_id=6580#webpage","url":"https:\/\/resarquitectura.blogs.upv.es\/?page_id=6580","name":"Restauraci\u00f3n del centro social de Torrealta | RES-Arquitectura","description":"A\u00f1o: 2005 Ubicaci\u00f3n: Torrealta Promotor: Ayuntamiento de Torrebaja Arquitectos: Fernando Vegas L\u00f3pez-Manzanares y Camilla Mileto Colaboradeores: Patricia Cruzans, Christiane Henze, Doreen Rades, Pasquale De Dato, Vicente Pa\u00f1ego Volver","inLanguage":"es-ES","isPartOf":{"@id":"https:\/\/resarquitectura.blogs.upv.es\/#website"},"breadcrumb":{"@id":"https:\/\/resarquitectura.blogs.upv.es\/?page_id=6580#breadcrumblist"},"datePublished":"2018-04-24T15:57:24+01:00","dateModified":"2020-07-16T12:23:53+01:00"},{"@type":"WebSite","@id":"https:\/\/resarquitectura.blogs.upv.es\/#website","url":"https:\/\/resarquitectura.blogs.upv.es\/","name":"RES-Arquitectura","description":"Investigaci\u00f3n, Restauraci\u00f3n y Difusi\u00f3n del Patrimonio Arquitect\u00f3nico | Directores: Camilla Mileto & Fernando Vegas","inLanguage":"es-ES","publisher":{"@id":"https:\/\/resarquitectura.blogs.upv.es\/#organization"}}]},"og:locale":"es_ES","og:site_name":"RES-Arquitectura | Investigaci\u00f3n, Restauraci\u00f3n y Difusi\u00f3n del Patrimonio Arquitect\u00f3nico | Directores: Camilla Mileto &amp; Fernando Vegas","og:type":"activity","og:title":"Restauraci\u00f3n del centro social de Torrealta | RES-Arquitectura","og:description":"A\u00f1o: 2005 Ubicaci\u00f3n: Torrealta Promotor: Ayuntamiento de Torrebaja Arquitectos: Fernando Vegas L\u00f3pez-Manzanares y Camilla Mileto Colaboradeores: Patricia Cruzans, Christiane Henze, Doreen Rades, Pasquale De Dato, Vicente Pa\u00f1ego Volver","og:url":"https:\/\/resarquitectura.blogs.upv.es\/?page_id=6580","twitter:card":"summary","twitter:title":"Restauraci\u00f3n del centro social de Torrealta | RES-Arquitectura","twitter:description":"A\u00f1o: 2005 Ubicaci\u00f3n: Torrealta Promotor: Ayuntamiento de Torrebaja Arquitectos: Fernando Vegas L\u00f3pez-Manzanares y Camilla Mileto Colaboradeores: Patricia Cruzans, Christiane Henze, Doreen Rades, Pasquale De Dato, Vicente Pa\u00f1ego Volver"},"aioseo_meta_data":{"post_id":"6580","title":null,"description":"","keywords":"","keyphrases":null,"primary_term":null,"canonical_url":"","og_title":"","og_description":"","og_object_type":"activity","og_image_type":"default","og_image_url":null,"og_image_width":null,"og_image_height":null,"og_image_custom_url":null,"og_image_custom_fields":null,"og_video":"","og_custom_url":null,"og_article_section":"","og_article_tags":"","twitter_use_og":false,"twitter_card":"summary","twitter_image_type":"default","twitter_image_url":null,"twitter_image_custom_url":null,"twitter_image_custom_fields":null,"twitter_title":null,"twitter_description":null,"schema":{"blockGraphs":[],"customGraphs":[],"default":{"data":{"Article":[],"Course":[],"Dataset":[],"FAQPage":[],"Movie":[],"Person":[],"Product":[],"ProductReview":[],"Car":[],"Recipe":[],"Service":[],"SoftwareApplication":[],"WebPage":[]},"graphName":"","isEnabled":true},"graphs":[]},"schema_type":null,"schema_type_options":null,"pillar_content":false,"robots_default":true,"robots_noindex":false,"robots_noarchive":false,"robots_nosnippet":false,"robots_nofollow":false,"robots_noimageindex":false,"robots_noodp":false,"robots_notranslate":false,"robots_max_snippet":null,"robots_max_videopreview":null,"robots_max_imagepreview":"large","priority":null,"frequency":null,"local_seo":null,"breadcrumb_settings":null,"limit_modified_date":false,"ai":null,"created":"2020-12-21 02:19:01","updated":"2022-09-15 21:59:02","seo_analyzer_scan_date":null,"focus_keyword":null,"additional_keywords":null,"truseo_locale":null},"aioseo_breadcrumb":"<div class=\"aioseo-breadcrumbs\"><span class=\"aioseo-breadcrumb\">\n\t\t\t<a href=\"https:\/\/resarquitectura.blogs.upv.es\" title=\"Home\">Home<\/a>\n\t\t<\/span><span class=\"aioseo-breadcrumb-separator\">&raquo;<\/span><span class=\"aioseo-breadcrumb\">\n\t\t\tRestauraci\u00f3n del centro social de Torrealta\n\t\t<\/span><\/div>","aioseo_breadcrumb_json":[{"label":"Home","link":"https:\/\/resarquitectura.blogs.upv.es"},{"label":"Restauraci\u00f3n del centro social de Torrealta","link":"https:\/\/resarquitectura.blogs.upv.es\/?page_id=6580"}],"_links":{"self":[{"href":"https:\/\/resarquitectura.blogs.upv.es\/index.php?rest_route=\/wp\/v2\/pages\/6580","targetHints":{"allow":["GET"]}}],"collection":[{"href":"https:\/\/resarquitectura.blogs.upv.es\/index.php?rest_route=\/wp\/v2\/pages"}],"about":[{"href":"https:\/\/resarquitectura.blogs.upv.es\/index.php?rest_route=\/wp\/v2\/types\/page"}],"author":[{"embeddable":true,"href":"https:\/\/resarquitectura.blogs.upv.es\/index.php?rest_route=\/wp\/v2\/users\/41051"}],"replies":[{"embeddable":true,"href":"https:\/\/resarquitectura.blogs.upv.es\/index.php?rest_route=%2Fwp%2Fv2%2Fcomments&post=6580"}],"version-history":[{"count":2,"href":"https:\/\/resarquitectura.blogs.upv.es\/index.php?rest_route=\/wp\/v2\/pages\/6580\/revisions"}],"predecessor-version":[{"id":16273,"href":"https:\/\/resarquitectura.blogs.upv.es\/index.php?rest_route=\/wp\/v2\/pages\/6580\/revisions\/16273"}],"wp:attachment":[{"href":"https:\/\/resarquitectura.blogs.upv.es\/index.php?rest_route=%2Fwp%2Fv2%2Fmedia&parent=6580"}],"curies":[{"name":"wp","href":"https:\/\/api.w.org\/{rel}","templated":true}]}}